{"id":6847,"date":"2022-02-01T12:05:34","date_gmt":"2022-02-01T11:05:34","guid":{"rendered":"https:\/\/www.teamobility.de\/startseite\/?page_id=6847"},"modified":"2024-05-02T15:45:16","modified_gmt":"2024-05-02T14:45:16","slug":"news-archiv","status":"publish","type":"page","link":"https:\/\/www.teamobility.de\/startseite\/news-archiv\/","title":{"rendered":"News Archiv"},"content":{"rendered":"\t\t<div data-elementor-type=\"wp-page\" data-elementor-id=\"6847\" class=\"elementor elementor-6847\" data-elementor-post-type=\"page\">\n\t\t\t\t\t\t<section class=\"elementor-section elementor-top-section elementor-element elementor-element-4105543d elementor-section-stretched elementor-section-boxed elementor-section-height-default elementor-section-height-default\" data-id=\"4105543d\" data-element_type=\"section\" data-e-type=\"section\" data-settings=\"{&quot;stretch_section&quot;:&quot;section-stretched&quot;,&quot;background_background&quot;:&quot;classic&quot;}\">\n\t\t\t\t\t\t\t<div class=\"elementor-background-overlay\"><\/div>\n\t\t\t\t\t\t\t<div class=\"elementor-container elementor-column-gap-default\">\n\t\t\t\t\t<div class=\"elementor-column elementor-col-100 elementor-top-column elementor-element elementor-element-41ae62c0\" data-id=\"41ae62c0\" data-element_type=\"column\" data-e-type=\"column\" data-settings=\"{&quot;background_background&quot;:&quot;classic&quot;}\">\n\t\t\t<div class=\"elementor-widget-wrap elementor-element-populated\">\n\t\t\t\t\t\t<div class=\"elementor-element elementor-element-3f6b3d93 elementor-widget elementor-widget-text-editor\" data-id=\"3f6b3d93\" data-element_type=\"widget\" data-e-type=\"widget\" data-widget_type=\"text-editor.default\">\n\t\t\t\t<div class=\"elementor-widget-container\">\n\t\t\t\t\t\t\t\t\t<h3>Weltpremiere auf der IAA Transportation 2022<br \/>TEAMOBILITY zeigt zusammen mit Partnern erstmalig den TE.UMO Urban Mover<\/h3>\t\t\t\t\t\t\t\t<\/div>\n\t\t\t\t<\/div>\n\t\t\t\t\t<\/div>\n\t\t<\/div>\n\t\t\t\t\t<\/div>\n\t\t<\/section>\n\t\t\t\t<section class=\"elementor-section elementor-top-section elementor-element elementor-element-728df88d elementor-section-full_width elementor-section-stretched elementor-section-height-default elementor-section-height-default\" data-id=\"728df88d\" data-element_type=\"section\" data-e-type=\"section\" data-settings=\"{&quot;stretch_section&quot;:&quot;section-stretched&quot;}\">\n\t\t\t\t\t\t<div class=\"elementor-container elementor-column-gap-default\">\n\t\t\t\t\t<div class=\"elementor-column elementor-col-50 elementor-top-column elementor-element elementor-element-6741ef98 elementor-invisible\" data-id=\"6741ef98\" data-element_type=\"column\" data-e-type=\"column\" data-settings=\"{&quot;animation&quot;:&quot;fadeInLeft&quot;,&quot;background_background&quot;:&quot;classic&quot;}\">\n\t\t\t<div class=\"elementor-widget-wrap elementor-element-populated\">\n\t\t\t\t\t\t<div class=\"elementor-element elementor-element-19db1c20 elementor-widget elementor-widget-image\" data-id=\"19db1c20\" data-element_type=\"widget\" data-e-type=\"widget\" data-widget_type=\"image.default\">\n\t\t\t\t<div class=\"elementor-widget-container\">\n\t\t\t\t\t\t\t\t\t\t\t\t\t\t\t<img fetchpriority=\"high\" decoding=\"async\" width=\"1170\" height=\"293\" src=\"https:\/\/www.teamobility.de\/wp-content\/uploads\/2022\/08\/2021_06_06_TEUMO-Logo-1170x293.png\" class=\"attachment-large size-large wp-image-7272\" alt=\"\" srcset=\"https:\/\/www.teamobility.de\/wp-content\/uploads\/2022\/08\/2021_06_06_TEUMO-Logo-1170x293.png 1170w, https:\/\/www.teamobility.de\/wp-content\/uploads\/2022\/08\/2021_06_06_TEUMO-Logo-300x75.png 300w, https:\/\/www.teamobility.de\/wp-content\/uploads\/2022\/08\/2021_06_06_TEUMO-Logo-1536x384.png 1536w, https:\/\/www.teamobility.de\/wp-content\/uploads\/2022\/08\/2021_06_06_TEUMO-Logo-2048x512.png 2048w\" sizes=\"100vw\" \/>\t\t\t\t\t\t\t\t\t\t\t\t\t\t\t<\/div>\n\t\t\t\t<\/div>\n\t\t\t\t<div class=\"elementor-element elementor-element-73b9dc8c elementor-widget elementor-widget-image\" data-id=\"73b9dc8c\" data-element_type=\"widget\" data-e-type=\"widget\" data-widget_type=\"image.default\">\n\t\t\t\t<div class=\"elementor-widget-container\">\n\t\t\t\t\t\t\t\t\t\t\t\t\t\t\t<img decoding=\"async\" width=\"1170\" height=\"780\" src=\"https:\/\/www.teamobility.de\/wp-content\/uploads\/2022\/09\/Teamobility_Teumo_FHP_mit_Schild-1170x780.jpg\" class=\"attachment-large size-large wp-image-7331\" alt=\"\" srcset=\"https:\/\/www.teamobility.de\/wp-content\/uploads\/2022\/09\/Teamobility_Teumo_FHP_mit_Schild-1170x781.jpg 1170w, https:\/\/www.teamobility.de\/wp-content\/uploads\/2022\/09\/Teamobility_Teumo_FHP_mit_Schild-300x200.jpg 300w, https:\/\/www.teamobility.de\/wp-content\/uploads\/2022\/09\/Teamobility_Teumo_FHP_mit_Schild-1536x1024.jpg 1536w, https:\/\/www.teamobility.de\/wp-content\/uploads\/2022\/09\/Teamobility_Teumo_FHP_mit_Schild-2048x1365.jpg 2048w\" sizes=\"100vw\" \/>\t\t\t\t\t\t\t\t\t\t\t\t\t\t\t<\/div>\n\t\t\t\t<\/div>\n\t\t\t\t\t<\/div>\n\t\t<\/div>\n\t\t\t\t<div class=\"elementor-column elementor-col-50 elementor-top-column elementor-element elementor-element-704cf994\" data-id=\"704cf994\" data-element_type=\"column\" data-e-type=\"column\" data-settings=\"{&quot;background_background&quot;:&quot;classic&quot;}\">\n\t\t\t<div class=\"elementor-widget-wrap elementor-element-populated\">\n\t\t\t\t\t\t<div class=\"elementor-element elementor-element-624fb7ed elementor-widget elementor-widget-video\" data-id=\"624fb7ed\" data-element_type=\"widget\" data-e-type=\"widget\" data-settings=\"{&quot;video_type&quot;:&quot;hosted&quot;,&quot;start&quot;:0,&quot;autoplay&quot;:&quot;yes&quot;,&quot;play_on_mobile&quot;:&quot;yes&quot;,&quot;mute&quot;:&quot;yes&quot;,&quot;loop&quot;:&quot;yes&quot;,&quot;controls&quot;:&quot;yes&quot;}\" data-widget_type=\"video.default\">\n\t\t\t\t<div class=\"elementor-widget-container\">\n\t\t\t\t\t\t\t<div class=\"e-hosted-video elementor-wrapper elementor-open-inline\">\n\t\t\t\t\t<video class=\"elementor-video\" src=\"http:\/\/www.teamobility.de\/wp-content\/uploads\/2022\/09\/2022_05_03_TEUMO_blau_Web.mp4\" autoplay=\"\" loop=\"\" controls=\"\" muted=\"muted\" playsinline=\"\" controlsList=\"nodownload\"><\/video>\n\t\t\t\t<\/div>\n\t\t\t\t\t\t<\/div>\n\t\t\t\t<\/div>\n\t\t\t\t\t<\/div>\n\t\t<\/div>\n\t\t\t\t\t<\/div>\n\t\t<\/section>\n\t\t\t\t<section class=\"elementor-section elementor-top-section elementor-element elementor-element-68d170c3 elementor-section-stretched elementor-section-boxed elementor-section-height-default elementor-section-height-default\" data-id=\"68d170c3\" data-element_type=\"section\" data-e-type=\"section\" data-settings=\"{&quot;stretch_section&quot;:&quot;section-stretched&quot;,&quot;background_background&quot;:&quot;classic&quot;}\">\n\t\t\t\t\t\t\t<div class=\"elementor-background-overlay\"><\/div>\n\t\t\t\t\t\t\t<div class=\"elementor-container elementor-column-gap-default\">\n\t\t\t\t\t<div class=\"elementor-column elementor-col-100 elementor-top-column elementor-element elementor-element-5b37735b\" data-id=\"5b37735b\" data-element_type=\"column\" data-e-type=\"column\" data-settings=\"{&quot;background_background&quot;:&quot;classic&quot;}\">\n\t\t\t<div class=\"elementor-widget-wrap elementor-element-populated\">\n\t\t\t\t\t\t<div class=\"elementor-element elementor-element-5f0e4064 elementor-widget elementor-widget-text-editor\" data-id=\"5f0e4064\" data-element_type=\"widget\" data-e-type=\"widget\" data-widget_type=\"text-editor.default\">\n\t\t\t\t<div class=\"elementor-widget-container\">\n\t\t\t\t\t\t\t\t\t<p><span style=\"color: #000000;\"><strong><span style=\"color: #3366ff;\">Verein Deutscher Industrie Designer (VDID)<\/span><br \/>Prof. Tomforde als Teilnehmer einer Podiumsdiskussion am 03.02.2022 zum Thema &#8222;Mobility &#8211; gemeinsam L\u00f6sungen gestalten&#8220;.<\/strong><\/span><\/p>\t\t\t\t\t\t\t\t<\/div>\n\t\t\t\t<\/div>\n\t\t\t\t\t<\/div>\n\t\t<\/div>\n\t\t\t\t\t<\/div>\n\t\t<\/section>\n\t\t\t\t<section class=\"elementor-section elementor-top-section elementor-element elementor-element-609a3018 elementor-section-height-min-height elementor-section-stretched elementor-section-boxed elementor-section-height-default elementor-section-items-middle\" data-id=\"609a3018\" data-element_type=\"section\" data-e-type=\"section\" data-settings=\"{&quot;stretch_section&quot;:&quot;section-stretched&quot;}\">\n\t\t\t\t\t\t<div class=\"elementor-container elementor-column-gap-default\">\n\t\t\t\t\t<div class=\"elementor-column elementor-col-50 elementor-top-column elementor-element elementor-element-ea5bed5 elementor-invisible\" data-id=\"ea5bed5\" data-element_type=\"column\" data-e-type=\"column\" data-settings=\"{&quot;animation&quot;:&quot;fadeInLeft&quot;}\">\n\t\t\t<div class=\"elementor-widget-wrap elementor-element-populated\">\n\t\t\t\t\t\t<div class=\"elementor-element elementor-element-6e5f30a5 elementor-widget elementor-widget-image\" data-id=\"6e5f30a5\" data-element_type=\"widget\" data-e-type=\"widget\" data-widget_type=\"image.default\">\n\t\t\t\t<div class=\"elementor-widget-container\">\n\t\t\t\t\t\t\t\t\t\t\t\t\t\t\t<img decoding=\"async\" width=\"1170\" height=\"702\" src=\"https:\/\/www.teamobility.de\/wp-content\/uploads\/2022\/02\/211219_future_affairs_Mobility_1280x8535-1170x702.jpg\" class=\"attachment-large size-large wp-image-6922\" alt=\"\" srcset=\"https:\/\/www.teamobility.de\/wp-content\/uploads\/2022\/02\/211219_future_affairs_Mobility_1280x8535-1170x702.jpg 1170w, https:\/\/www.teamobility.de\/wp-content\/uploads\/2022\/02\/211219_future_affairs_Mobility_1280x8535-300x180.jpg 300w, https:\/\/www.teamobility.de\/wp-content\/uploads\/2022\/02\/211219_future_affairs_Mobility_1280x8535.jpg 1200w\" sizes=\"100vw\" \/>\t\t\t\t\t\t\t\t\t\t\t\t\t\t\t<\/div>\n\t\t\t\t<\/div>\n\t\t\t\t\t<\/div>\n\t\t<\/div>\n\t\t\t\t<div class=\"elementor-column elementor-col-50 elementor-top-column elementor-element elementor-element-51dc9334\" data-id=\"51dc9334\" data-element_type=\"column\" data-e-type=\"column\">\n\t\t\t<div class=\"elementor-widget-wrap elementor-element-populated\">\n\t\t\t\t\t\t<div class=\"elementor-element elementor-element-52ddcde0 elementor-widget elementor-widget-text-editor\" data-id=\"52ddcde0\" data-element_type=\"widget\" data-e-type=\"widget\" data-widget_type=\"text-editor.default\">\n\t\t\t\t<div class=\"elementor-widget-container\">\n\t\t\t\t\t\t\t\t\t<div class=\"col-lg-12 col-md-12 col-sm-12\"><div class=\"entry-content herald-entry-content\"><p class=\"absatz\"><span style=\"color: #000000;\">Am 3. Februar findet eine digitale Veranstaltung mit dem Themenschwerpunkt <strong>&#8222;Mobility \u2013 gemeinsam L\u00f6sungen gestalten&#8220;<\/strong> statt. <br \/>Wie k\u00f6nnen Systeme im Umfeld verschiedener Stakeholder Status-Symbole\u00a0 auf attraktive, effiziente und dennoch Spa\u00df oder Freude generierende L\u00f6sungen umgestellt werden?<br \/>Wie kann Mobilit\u00e4t besser, sicherer, entspannter, genussvoller, positiver belegt werden?<br \/>Welche Funktion hat Design in diesem gesellschaftspr\u00e4genden Wandel?\u00a0<\/span><\/p><p class=\"absatz\"><span style=\"color: #000000;\">Hier\u00fcber diskutieren:<\/span><\/p><p style=\"padding-left: 40px;\"><span style=\"color: #000000;\"><strong>Dr. Weert Canzler<\/strong>, Leiter der Forschungsgruppe Digitale Mobilit\u00e4t und gesellschaftliche Differenzierung, Wissenschaftszentrum Berlin<\/span><br \/><span style=\"color: #000000;\"><strong>Alexander Forst<\/strong>, Leiter des Bereichs Urban Design, Canyon Bycicles GmbH<\/span><br \/><span style=\"color: #000000;\"><strong>Dr. Karena Kalmbach<\/strong>, Leiterin Stabsstelle Strategie und Inhalte, Futurium GmbH<\/span><br \/><span style=\"color: #000000;\"><strong>Prof. Johann Tomforde<\/strong>, Gesch\u00e4ftsf\u00fchrender Gesellschafter, Teamobility, B\u00f6blingen<\/span><\/p><\/div><\/div><div id=\"extras\" class=\"col-lg-12 col-md-12 col-sm-12\"><div id=\"single-sticky\" class=\"herald-single-sticky herald-single-wraper hidden-xs hidden-sm\"><div class=\"container\"><div class=\"row\"><div class=\"col-lg-12 col-md-12\"><div class=\"herald-sticky-share\"><div class=\"meta-share-wrapper\">\u00a0<\/div><\/div><\/div><\/div><\/div><\/div><\/div>\t\t\t\t\t\t\t\t<\/div>\n\t\t\t\t<\/div>\n\t\t\t\t\t<\/div>\n\t\t<\/div>\n\t\t\t\t\t<\/div>\n\t\t<\/section>\n\t\t\t\t<section class=\"elementor-section elementor-top-section elementor-element elementor-element-b777f5b elementor-section-stretched elementor-section-boxed elementor-section-height-default elementor-section-height-default\" data-id=\"b777f5b\" data-element_type=\"section\" data-e-type=\"section\" data-settings=\"{&quot;stretch_section&quot;:&quot;section-stretched&quot;}\">\n\t\t\t\t\t\t\t<div class=\"elementor-background-overlay\"><\/div>\n\t\t\t\t\t\t\t<div class=\"elementor-container elementor-column-gap-no\">\n\t\t\t\t\t<div class=\"elementor-column elementor-col-100 elementor-top-column elementor-element elementor-element-cf802c8\" data-id=\"cf802c8\" data-element_type=\"column\" data-e-type=\"column\" data-settings=\"{&quot;background_background&quot;:&quot;classic&quot;}\">\n\t\t\t<div class=\"elementor-widget-wrap elementor-element-populated\">\n\t\t\t\t\t\t<div class=\"elementor-element elementor-element-30112cfd elementor-widget elementor-widget-text-editor\" data-id=\"30112cfd\" data-element_type=\"widget\" data-e-type=\"widget\" data-widget_type=\"text-editor.default\">\n\t\t\t\t<div class=\"elementor-widget-container\">\n\t\t\t\t\t\t\t\t\t<p><span style=\"color: #000000;\"><strong><a href=\"https:\/\/www.bw-i.de\/veranstaltungen\/event\/default-e60e411787\" target=\"_blank\" rel=\"noopener\">Californien trifft Baden-W\u00fcrttemberg<\/a><br \/>Prof. Johann Tomforde ist Keynote Speaker auf dem EVENT am 27.01.2022 zum Thema<br \/>\u201cEmerging ZEV Industries:\u00a0 Innovation and the Go To Market\u201d<br \/><\/strong><\/span><\/p>\t\t\t\t\t\t\t\t<\/div>\n\t\t\t\t<\/div>\n\t\t\t\t\t<\/div>\n\t\t<\/div>\n\t\t\t\t\t<\/div>\n\t\t<\/section>\n\t\t\t\t<section class=\"elementor-section elementor-top-section elementor-element elementor-element-bb1d0ef elementor-section-full_width elementor-section-stretched elementor-section-height-default elementor-section-height-default\" data-id=\"bb1d0ef\" data-element_type=\"section\" data-e-type=\"section\" data-settings=\"{&quot;stretch_section&quot;:&quot;section-stretched&quot;}\">\n\t\t\t\t\t\t<div class=\"elementor-container elementor-column-gap-default\">\n\t\t\t\t\t<div class=\"elementor-column elementor-col-66 elementor-top-column elementor-element elementor-element-8a34696 elementor-invisible\" data-id=\"8a34696\" data-element_type=\"column\" data-e-type=\"column\" data-settings=\"{&quot;animation&quot;:&quot;fadeInLeft&quot;}\">\n\t\t\t<div class=\"elementor-widget-wrap elementor-element-populated\">\n\t\t\t\t\t\t<div class=\"elementor-element elementor-element-67146bf9 elementor-invisible elementor-widget elementor-widget-image\" data-id=\"67146bf9\" data-element_type=\"widget\" data-e-type=\"widget\" data-settings=\"{&quot;_animation&quot;:&quot;fadeInLeft&quot;}\" data-widget_type=\"image.default\">\n\t\t\t\t<div class=\"elementor-widget-container\">\n\t\t\t\t\t\t\t\t\t\t\t\t\t\t\t<img loading=\"lazy\" decoding=\"async\" width=\"436\" height=\"225\" src=\"https:\/\/www.teamobility.de\/wp-content\/uploads\/2022\/01\/Bild2.png\" class=\"attachment-large size-large wp-image-6661\" alt=\"\" srcset=\"https:\/\/www.teamobility.de\/wp-content\/uploads\/2022\/01\/Bild2.png 436w, https:\/\/www.teamobility.de\/wp-content\/uploads\/2022\/01\/Bild2-300x155.png 300w\" sizes=\"100vw\" \/>\t\t\t\t\t\t\t\t\t\t\t\t\t\t\t<\/div>\n\t\t\t\t<\/div>\n\t\t\t\t\t<\/div>\n\t\t<\/div>\n\t\t\t\t<div class=\"elementor-column elementor-col-33 elementor-top-column elementor-element elementor-element-7ee1e7b7\" data-id=\"7ee1e7b7\" data-element_type=\"column\" data-e-type=\"column\">\n\t\t\t<div class=\"elementor-widget-wrap elementor-element-populated\">\n\t\t\t\t\t\t<div class=\"elementor-element elementor-element-5177121d elementor-widget elementor-widget-text-editor\" data-id=\"5177121d\" data-element_type=\"widget\" data-e-type=\"widget\" data-widget_type=\"text-editor.default\">\n\t\t\t\t<div class=\"elementor-widget-container\">\n\t\t\t\t\t\t\t\t\t<p><span class=\"VIiyi\" lang=\"de\"><span class=\"JLqJ4b ChMk0b\" data-language-for-alternatives=\"de\" data-language-to-translate-into=\"en\" data-phrase-index=\"0\" data-number-of-phrases=\"21\">Prof. Tomforde:<\/span> <br \/><\/span><span class=\"VIiyi\" lang=\"de\"><span class=\"JLqJ4b ChMk0b\" data-language-for-alternatives=\"de\" data-language-to-translate-into=\"en\" data-phrase-index=\"2\" data-number-of-phrases=\"21\">&#8230;&#8230;..wenn wir von \u201eFreizeitmobilit\u00e4t der n\u00e4chsten Generation\u201c sprechen, m\u00fcssen wir verstehen, welche gesellschaftlichen und politischen Herausforderungen die Mobilit\u00e4t im Allgemeinen betreffen<br \/><\/span><\/span><span class=\"VIiyi\" lang=\"de\"><span class=\"JLqJ4b ChMk0b\" data-language-for-alternatives=\"de\" data-language-to-translate-into=\"en\" data-phrase-index=\"4\" data-number-of-phrases=\"21\">&#8211;\u00a0 \u00a0das Pariser Abkommen zum Klimaschutzplan 2050,<br \/><\/span> <span class=\"JLqJ4b ChMk0b\" data-language-for-alternatives=\"de\" data-language-to-translate-into=\"en\" data-phrase-index=\"6\" data-number-of-phrases=\"21\">&#8211;\u00a0 \u00a0insbesondere f\u00fcr den Verkehrssektor wurden ehrgeizige Ziele gesetzt.<br \/><\/span><span class=\"JLqJ4b ChMk0b\" data-language-for-alternatives=\"de\" data-language-to-translate-into=\"en\" data-phrase-index=\"8\" data-number-of-phrases=\"21\">&#8211;\u00a0 \u00a0Cyberangriffe, Datenschutzverletzungen und \u201eDieselgate\u201c, der Mangel an <br \/>\u00a0 \u00a0 Vertrauen in\u00a0Unternehmen und Branchen<\/span> <br \/><span class=\"JLqJ4b ChMk0b\" data-language-for-alternatives=\"de\" data-language-to-translate-into=\"en\" data-phrase-index=\"10\" data-number-of-phrases=\"21\">&#8211;\u00a0 \u00a0Bewusstseinssteigerung f\u00fcr Klimaschutz &amp; Nachhaltigkeit sowie<br \/><\/span><span class=\"JLqJ4b ChMk0b\" data-language-for-alternatives=\"de\" data-language-to-translate-into=\"en\" data-phrase-index=\"12\" data-number-of-phrases=\"21\">&#8211;\u00a0 \u00a0Luftverschmutzung \/ Feinstaub-Diskussion ver\u00e4ndert Verbraucherverhalten<br \/><\/span><span class=\"JLqJ4b ChMk0b\" data-language-for-alternatives=\"de\" data-language-to-translate-into=\"en\" data-phrase-index=\"14\" data-number-of-phrases=\"21\">&#8211;\u00a0 \u00a0steigende Anforderungen an Ressourcen &amp; \u00d6kobilanz von Produkten<br \/><\/span><span class=\"JLqJ4b ChMk0b\" data-language-for-alternatives=\"de\" data-language-to-translate-into=\"en\" data-phrase-index=\"16\" data-number-of-phrases=\"21\">&#8211;\u00a0 \u00a0die immer gr\u00f6\u00dfer werdende Kluft zwischen Arm und Reich<br \/><\/span><span class=\"JLqJ4b ChMk0b\" data-language-for-alternatives=\"de\" data-language-to-translate-into=\"en\" data-phrase-index=\"18\" data-number-of-phrases=\"21\">&#8211;\u00a0 \u00a0die digitale Transformation, die zu Ver\u00e4nderungen und Unterbrechungen von<br \/>\u00a0 \u00a0 Gesch\u00e4ftsmodellen f\u00fchrt<br \/><\/span><\/span><span class=\"VIiyi\" lang=\"de\"> <span class=\"JLqJ4b ChMk0b\" data-language-for-alternatives=\"de\" data-language-to-translate-into=\"en\" data-phrase-index=\"20\" data-number-of-phrases=\"21\">&#8230;&#8230;&#8230;<\/span><\/span><\/p>\t\t\t\t\t\t\t\t<\/div>\n\t\t\t\t<\/div>\n\t\t\t\t\t<\/div>\n\t\t<\/div>\n\t\t\t\t\t<\/div>\n\t\t<\/section>\n\t\t\t\t<section class=\"elementor-section elementor-top-section elementor-element elementor-element-6fb827f3 elementor-section-full_width elementor-section-stretched elementor-section-height-default elementor-section-height-default\" data-id=\"6fb827f3\" data-element_type=\"section\" data-e-type=\"section\" data-settings=\"{&quot;stretch_section&quot;:&quot;section-stretched&quot;,&quot;background_background&quot;:&quot;classic&quot;}\">\n\t\t\t\t\t\t<div class=\"elementor-container elementor-column-gap-default\">\n\t\t\t\t\t<div class=\"elementor-column elementor-col-100 elementor-top-column elementor-element elementor-element-21029357\" data-id=\"21029357\" data-element_type=\"column\" data-e-type=\"column\" data-settings=\"{&quot;background_background&quot;:&quot;classic&quot;}\">\n\t\t\t<div class=\"elementor-widget-wrap elementor-element-populated\">\n\t\t\t\t\t\t<div class=\"elementor-element elementor-element-3d12e434 elementor-widget elementor-widget-text-editor\" data-id=\"3d12e434\" data-element_type=\"widget\" data-e-type=\"widget\" data-widget_type=\"text-editor.default\">\n\t\t\t\t<div class=\"elementor-widget-container\">\n\t\t\t\t\t\t\t\t\t<h4>Deutscher Nachhaltigkeitspreis Design -&gt; Interview mit Jury-Mitglied Prof. Johann Tomforde<\/h4>\t\t\t\t\t\t\t\t<\/div>\n\t\t\t\t<\/div>\n\t\t\t\t\t<\/div>\n\t\t<\/div>\n\t\t\t\t\t<\/div>\n\t\t<\/section>\n\t\t\t\t<section class=\"elementor-section elementor-top-section elementor-element elementor-element-56b371a6 elementor-section-full_width elementor-section-stretched elementor-section-height-default elementor-section-height-default\" data-id=\"56b371a6\" data-element_type=\"section\" data-e-type=\"section\" data-settings=\"{&quot;stretch_section&quot;:&quot;section-stretched&quot;}\">\n\t\t\t\t\t\t<div class=\"elementor-container elementor-column-gap-default\">\n\t\t\t\t\t<div class=\"elementor-column elementor-col-50 elementor-top-column elementor-element elementor-element-49e5dc33\" data-id=\"49e5dc33\" data-element_type=\"column\" data-e-type=\"column\" data-settings=\"{&quot;background_background&quot;:&quot;classic&quot;}\">\n\t\t\t<div class=\"elementor-widget-wrap elementor-element-populated\">\n\t\t\t\t\t\t<div class=\"elementor-element elementor-element-2404a949 elementor-widget elementor-widget-image\" data-id=\"2404a949\" data-element_type=\"widget\" data-e-type=\"widget\" data-widget_type=\"image.default\">\n\t\t\t\t<div class=\"elementor-widget-container\">\n\t\t\t\t\t\t\t\t\t\t\t\t\t\t\t<img loading=\"lazy\" decoding=\"async\" width=\"393\" height=\"136\" src=\"https:\/\/www.teamobility.de\/wp-content\/uploads\/2020\/06\/Logo_DNP_Design.png\" class=\"attachment-large size-large wp-image-4230\" alt=\"\" srcset=\"https:\/\/www.teamobility.de\/wp-content\/uploads\/2020\/06\/Logo_DNP_Design.png 393w, https:\/\/www.teamobility.de\/wp-content\/uploads\/2020\/06\/Logo_DNP_Design-300x104.png 300w, https:\/\/www.teamobility.de\/wp-content\/uploads\/2020\/06\/Logo_DNP_Design-390x136.png 390w\" sizes=\"100vw\" \/>\t\t\t\t\t\t\t\t\t\t\t\t\t\t\t<\/div>\n\t\t\t\t<\/div>\n\t\t\t\t\t<\/div>\n\t\t<\/div>\n\t\t\t\t<div class=\"elementor-column elementor-col-50 elementor-top-column elementor-element elementor-element-54af3a83\" data-id=\"54af3a83\" data-element_type=\"column\" data-e-type=\"column\">\n\t\t\t<div class=\"elementor-widget-wrap elementor-element-populated\">\n\t\t\t\t\t\t<div class=\"elementor-element elementor-element-6f9d8dc6 elementor-widget elementor-widget-text-editor\" data-id=\"6f9d8dc6\" data-element_type=\"widget\" data-e-type=\"widget\" data-widget_type=\"text-editor.default\">\n\t\t\t\t<div class=\"elementor-widget-container\">\n\t\t\t\t\t\t\t\t\t<h5><strong>\u201eEin \u201aWeiter so\u2018 wie vor der j\u00fcngsten Krise wird es nicht geben!\u201c<\/strong><\/h5><h5>Dazu \u00e4u\u00dfert sich Prof. Tomforde in einem Interview mit Vertretern des Deutschen Nachhaltigkeitspreises Design. Den vollst\u00e4ndigen Wortlaut finden sie\u00a0<span style=\"color: #00ccff;\"><a style=\"color: #00ccff;\" href=\"https:\/\/www.nachhaltigkeitspreis.de\/news\/news\/ein-weiter-so-wie-vor-der-juengsten-krise-wird-es-nicht-geben-interview-mit-prof-tomforde-te\/?tx_news_pi1%5Bcontroller%5D=News&amp;tx_news_pi1%5Baction%5D=detail&amp;cHash=174c10e15d9ef00a9241dbf9440fd59c\" target=\"_blank\" rel=\"noopener noreferrer\">hier<\/a><\/span><span style=\"color: var( --e-global-color-text ); font-family: var( --e-global-typography-text-font-family ), Sans-serif; font-size: 16px; letter-spacing: 0px;\">.<\/span><\/h5>\t\t\t\t\t\t\t\t<\/div>\n\t\t\t\t<\/div>\n\t\t\t\t\t<\/div>\n\t\t<\/div>\n\t\t\t\t\t<\/div>\n\t\t<\/section>\n\t\t\t\t<section class=\"elementor-section elementor-top-section elementor-element elementor-element-29429a07 elementor-section-stretched elementor-section-boxed elementor-section-height-default elementor-section-height-default\" data-id=\"29429a07\" data-element_type=\"section\" data-e-type=\"section\" data-settings=\"{&quot;stretch_section&quot;:&quot;section-stretched&quot;}\">\n\t\t\t\t\t\t\t<div class=\"elementor-background-overlay\"><\/div>\n\t\t\t\t\t\t\t<div class=\"elementor-container elementor-column-gap-default\">\n\t\t\t\t\t<div class=\"elementor-column elementor-col-100 elementor-top-column elementor-element elementor-element-311632fb\" data-id=\"311632fb\" data-element_type=\"column\" data-e-type=\"column\" data-settings=\"{&quot;background_background&quot;:&quot;classic&quot;}\">\n\t\t\t<div class=\"elementor-widget-wrap elementor-element-populated\">\n\t\t\t\t\t\t<div class=\"elementor-element elementor-element-1c63f2d9 elementor-widget elementor-widget-text-editor\" data-id=\"1c63f2d9\" data-element_type=\"widget\" data-e-type=\"widget\" data-widget_type=\"text-editor.default\">\n\t\t\t\t<div class=\"elementor-widget-container\">\n\t\t\t\t\t\t\t\t\t<p><span style=\"color: #000000;\"><strong><a href=\"https:\/\/www.kongress-bw.de\/kongress-lab\" target=\"_blank\" rel=\"noopener\">Technologietag Leichbau Baden-W\u00fcrttemberg 09.\/10.11. 2021<\/a><br \/>Teilnehmer besuchen die TEAMOBILITY GmbH in der Motorworld B\u00f6blingen<\/strong><\/span><\/p>\t\t\t\t\t\t\t\t<\/div>\n\t\t\t\t<\/div>\n\t\t\t\t\t<\/div>\n\t\t<\/div>\n\t\t\t\t\t<\/div>\n\t\t<\/section>\n\t\t\t\t<section class=\"elementor-section elementor-top-section elementor-element elementor-element-50b06c0a elementor-section-full_width elementor-section-height-min-height elementor-section-stretched elementor-section-height-default elementor-section-items-middle\" data-id=\"50b06c0a\" data-element_type=\"section\" data-e-type=\"section\" data-settings=\"{&quot;stretch_section&quot;:&quot;section-stretched&quot;}\">\n\t\t\t\t\t\t<div class=\"elementor-container elementor-column-gap-default\">\n\t\t\t\t\t<div class=\"elementor-column elementor-col-66 elementor-top-column elementor-element elementor-element-4fb6063f elementor-invisible\" data-id=\"4fb6063f\" data-element_type=\"column\" data-e-type=\"column\" data-settings=\"{&quot;animation&quot;:&quot;fadeInLeft&quot;}\">\n\t\t\t<div class=\"elementor-widget-wrap elementor-element-populated\">\n\t\t\t\t\t\t<div class=\"elementor-element elementor-element-b8fb760 elementor-invisible elementor-widget elementor-widget-image\" data-id=\"b8fb760\" data-element_type=\"widget\" data-e-type=\"widget\" data-settings=\"{&quot;_animation&quot;:&quot;fadeInLeft&quot;}\" data-widget_type=\"image.default\">\n\t\t\t\t<div class=\"elementor-widget-container\">\n\t\t\t\t\t\t\t\t\t\t\t\t\t\t\t<img loading=\"lazy\" decoding=\"async\" width=\"1170\" height=\"682\" src=\"https:\/\/www.teamobility.de\/wp-content\/uploads\/2021\/11\/LBBW-Besuch-10_11_21_03-1-1170x682.jpg\" class=\"attachment-large size-large wp-image-6272\" alt=\"\" srcset=\"https:\/\/www.teamobility.de\/wp-content\/uploads\/2021\/11\/LBBW-Besuch-10_11_21_03-1-1170x682.jpg 1170w, https:\/\/www.teamobility.de\/wp-content\/uploads\/2021\/11\/LBBW-Besuch-10_11_21_03-1-300x175.jpg 300w, https:\/\/www.teamobility.de\/wp-content\/uploads\/2021\/11\/LBBW-Besuch-10_11_21_03-1-1536x895.jpg 1536w, https:\/\/www.teamobility.de\/wp-content\/uploads\/2021\/11\/LBBW-Besuch-10_11_21_03-1-2048x1193.jpg 2048w\" sizes=\"100vw\" \/>\t\t\t\t\t\t\t\t\t\t\t\t\t\t\t<\/div>\n\t\t\t\t<\/div>\n\t\t\t\t\t<\/div>\n\t\t<\/div>\n\t\t\t\t<div class=\"elementor-column elementor-col-33 elementor-top-column elementor-element elementor-element-56c26a3a\" data-id=\"56c26a3a\" data-element_type=\"column\" data-e-type=\"column\">\n\t\t\t<div class=\"elementor-widget-wrap elementor-element-populated\">\n\t\t\t\t\t\t<div class=\"elementor-element elementor-element-5cba9949 elementor-widget elementor-widget-text-editor\" data-id=\"5cba9949\" data-element_type=\"widget\" data-e-type=\"widget\" data-widget_type=\"text-editor.default\">\n\t\t\t\t<div class=\"elementor-widget-container\">\n\t\t\t\t\t\t\t\t\t<p>Reges Interesse zeigten Teilnehmer des <a href=\"https:\/\/www.leichtbau-bw.de\/aktuelles\/news\/detailansicht\/article\/nachbericht-zum-technologietag-leichtbau-2021-mit-leichtbau-nachhaltig-umdenken.html\" target=\"_blank\" rel=\"noopener\">Technologietags<\/a> <a href=\"https:\/\/www.leichtbau-bw.de\/aktuelles\/news\/detailansicht\/article\/nachbericht-zum-technologietag-leichtbau-2021-mit-leichtbau-nachhaltig-umdenken.html\" target=\"_blank\" rel=\"noopener\">Leichtbau<\/a>\u00a0bei einem zweist\u00fcndigen Besuch der TEAMOBILITY GmbH an den Pionierprojekten des Unternehmens zum Thema &#8222;Leichtbau als einer der Innovationstreiber zuk\u00fcnftiger Mobilit\u00e4t&#8220;.\u00a0\u00a0<\/p>\t\t\t\t\t\t\t\t<\/div>\n\t\t\t\t<\/div>\n\t\t\t\t\t<\/div>\n\t\t<\/div>\n\t\t\t\t\t<\/div>\n\t\t<\/section>\n\t\t\t\t<section class=\"elementor-section elementor-top-section elementor-element elementor-element-2c0e1eef elementor-section-stretched elementor-section-boxed elementor-section-height-default elementor-section-height-default\" data-id=\"2c0e1eef\" data-element_type=\"section\" data-e-type=\"section\" data-settings=\"{&quot;stretch_section&quot;:&quot;section-stretched&quot;}\">\n\t\t\t\t\t\t\t<div class=\"elementor-background-overlay\"><\/div>\n\t\t\t\t\t\t\t<div class=\"elementor-container elementor-column-gap-default\">\n\t\t\t\t\t<div class=\"elementor-column elementor-col-100 elementor-top-column elementor-element elementor-element-62a1713c\" data-id=\"62a1713c\" data-element_type=\"column\" data-e-type=\"column\" data-settings=\"{&quot;background_background&quot;:&quot;classic&quot;}\">\n\t\t\t<div class=\"elementor-widget-wrap elementor-element-populated\">\n\t\t\t\t\t\t<div class=\"elementor-element elementor-element-768e8082 elementor-widget elementor-widget-text-editor\" data-id=\"768e8082\" data-element_type=\"widget\" data-e-type=\"widget\" data-widget_type=\"text-editor.default\">\n\t\t\t\t<div class=\"elementor-widget-container\">\n\t\t\t\t\t\t\t\t\t<p><span style=\"color: #000000;\"><strong><a href=\"https:\/\/www.kongress-bw.de\/kongress-lab\" target=\"_blank\" rel=\"noopener\">KONGRESS LAB Baden-W\u00fcrttemberg 2021<\/a><br \/>Prof. Johann Tomforde unterst\u00fctzt im KONGRESS LAB 2021 als Mentor das Startup SACCHA.<\/strong><\/span><\/p>\t\t\t\t\t\t\t\t<\/div>\n\t\t\t\t<\/div>\n\t\t\t\t\t<\/div>\n\t\t<\/div>\n\t\t\t\t\t<\/div>\n\t\t<\/section>\n\t\t\t\t<section class=\"elementor-section elementor-top-section elementor-element elementor-element-553f61b3 elementor-section-full_width elementor-section-height-min-height elementor-section-stretched elementor-section-height-default elementor-section-items-middle\" data-id=\"553f61b3\" data-element_type=\"section\" data-e-type=\"section\" data-settings=\"{&quot;stretch_section&quot;:&quot;section-stretched&quot;}\">\n\t\t\t\t\t\t<div class=\"elementor-container elementor-column-gap-default\">\n\t\t\t\t\t<div class=\"elementor-column elementor-col-66 elementor-top-column elementor-element elementor-element-1809f919 elementor-invisible\" data-id=\"1809f919\" data-element_type=\"column\" data-e-type=\"column\" data-settings=\"{&quot;animation&quot;:&quot;fadeInLeft&quot;}\">\n\t\t\t<div class=\"elementor-widget-wrap elementor-element-populated\">\n\t\t\t\t\t\t<div class=\"elementor-element elementor-element-52ded972 elementor-widget elementor-widget-image\" data-id=\"52ded972\" data-element_type=\"widget\" data-e-type=\"widget\" data-widget_type=\"image.default\">\n\t\t\t\t<div class=\"elementor-widget-container\">\n\t\t\t\t\t\t\t\t\t\t\t\t\t\t\t\t<a href=\"http:\/\/www.saccha.de\" target=\"_blank\">\n\t\t\t\t\t\t\t<img loading=\"lazy\" decoding=\"async\" width=\"234\" height=\"172\" src=\"https:\/\/www.teamobility.de\/wp-content\/uploads\/2021\/10\/SACCHA-LOGO-blackwhite.png\" class=\"attachment-large size-large wp-image-5253\" alt=\"\" sizes=\"100vw\" \/>\t\t\t\t\t\t\t\t<\/a>\n\t\t\t\t\t\t\t\t\t\t\t\t\t\t\t<\/div>\n\t\t\t\t<\/div>\n\t\t\t\t\t<\/div>\n\t\t<\/div>\n\t\t\t\t<div class=\"elementor-column elementor-col-33 elementor-top-column elementor-element elementor-element-17cd532b\" data-id=\"17cd532b\" data-element_type=\"column\" data-e-type=\"column\">\n\t\t\t<div class=\"elementor-widget-wrap elementor-element-populated\">\n\t\t\t\t\t\t<div class=\"elementor-element elementor-element-22ca5bf elementor-widget elementor-widget-text-editor\" data-id=\"22ca5bf\" data-element_type=\"widget\" data-e-type=\"widget\" data-widget_type=\"text-editor.default\">\n\t\t\t\t<div class=\"elementor-widget-container\">\n\t\t\t\t\t\t\t\t\t<p>Prof. Tomforde diskutiert mit Vertretern des Starups SACCHA spezifische Fragestellungen der Reststoffnutzung zur Verbesserung des \u00f6kologischen Fu\u00dfabdrucks, des zielgruppenspezifischen Marketings im B2B-Bereich und der richtigen Art und Weise VC Kapital aufzunehmen.<\/p>\t\t\t\t\t\t\t\t<\/div>\n\t\t\t\t<\/div>\n\t\t\t\t\t<\/div>\n\t\t<\/div>\n\t\t\t\t\t<\/div>\n\t\t<\/section>\n\t\t\t\t<section class=\"elementor-section elementor-top-section elementor-element elementor-element-15ee7972 elementor-section-stretched elementor-section-boxed elementor-section-height-default elementor-section-height-default\" data-id=\"15ee7972\" data-element_type=\"section\" data-e-type=\"section\" data-settings=\"{&quot;background_background&quot;:&quot;classic&quot;,&quot;stretch_section&quot;:&quot;section-stretched&quot;}\">\n\t\t\t\t\t\t\t<div class=\"elementor-background-overlay\"><\/div>\n\t\t\t\t\t\t\t<div class=\"elementor-container elementor-column-gap-default\">\n\t\t\t\t\t<div class=\"elementor-column elementor-col-100 elementor-top-column elementor-element elementor-element-288b2f08\" data-id=\"288b2f08\" data-element_type=\"column\" data-e-type=\"column\">\n\t\t\t<div class=\"elementor-widget-wrap elementor-element-populated\">\n\t\t\t\t\t\t<div class=\"elementor-element elementor-element-1847415a elementor-widget elementor-widget-text-editor\" data-id=\"1847415a\" data-element_type=\"widget\" data-e-type=\"widget\" data-widget_type=\"text-editor.default\">\n\t\t\t\t<div class=\"elementor-widget-container\">\n\t\t\t\t\t\t\t\t\t<p><span style=\"color: #000000;\"><strong>IAA 2021<br \/>Prof. Johann Tomforde und das Management von CITY TRANSFORMER enth\u00fcllen die weltweit erste vollelektrische Mobilit\u00e4tsl\u00f6sung, das sich w\u00e4hrend der Fahrt auf intelligente Weise in Gr\u00f6\u00dfe und Eigenschaften anpassen kann<\/strong><\/span><\/p>\t\t\t\t\t\t\t\t<\/div>\n\t\t\t\t<\/div>\n\t\t\t\t\t<\/div>\n\t\t<\/div>\n\t\t\t\t\t<\/div>\n\t\t<\/section>\n\t\t\t\t<section class=\"elementor-section elementor-top-section elementor-element elementor-element-2f0f173 elementor-section-full_width elementor-section-height-min-height elementor-section-stretched elementor-section-height-default elementor-section-items-middle\" data-id=\"2f0f173\" data-element_type=\"section\" data-e-type=\"section\" data-settings=\"{&quot;stretch_section&quot;:&quot;section-stretched&quot;}\">\n\t\t\t\t\t\t<div class=\"elementor-container elementor-column-gap-default\">\n\t\t\t\t\t<div class=\"elementor-column elementor-col-50 elementor-top-column elementor-element elementor-element-3eb023a5\" data-id=\"3eb023a5\" data-element_type=\"column\" data-e-type=\"column\" data-settings=\"{&quot;background_background&quot;:&quot;classic&quot;}\">\n\t\t\t<div class=\"elementor-widget-wrap elementor-element-populated\">\n\t\t\t\t\t\t<div class=\"elementor-element elementor-element-59bab2bb elementor-invisible elementor-widget elementor-widget-image\" data-id=\"59bab2bb\" data-element_type=\"widget\" data-e-type=\"widget\" data-settings=\"{&quot;_animation&quot;:&quot;fadeInLeft&quot;}\" data-widget_type=\"image.default\">\n\t\t\t\t<div class=\"elementor-widget-container\">\n\t\t\t\t\t\t\t\t\t\t\t\t\t\t\t\t<a href=\"https:\/\/youtu.be\/y3MDdBnwLIU\" target=\"_blank\">\n\t\t\t\t\t\t\t<img loading=\"lazy\" decoding=\"async\" width=\"1536\" height=\"1022\" src=\"https:\/\/www.teamobility.de\/wp-content\/uploads\/2021\/09\/PK-City_Transformer-0251-1536x1022.jpg\" class=\"attachment-1536x1536 size-1536x1536 wp-image-4929\" alt=\"\" srcset=\"https:\/\/www.teamobility.de\/wp-content\/uploads\/2021\/09\/PK-City_Transformer-0251-1536x1022.jpg 1536w, https:\/\/www.teamobility.de\/wp-content\/uploads\/2021\/09\/PK-City_Transformer-0251-300x200.jpg 300w, https:\/\/www.teamobility.de\/wp-content\/uploads\/2021\/09\/PK-City_Transformer-0251-1170x778.jpg 1170w, https:\/\/www.teamobility.de\/wp-content\/uploads\/2021\/09\/PK-City_Transformer-0251.jpg 1920w\" sizes=\"100vw\" \/>\t\t\t\t\t\t\t\t<\/a>\n\t\t\t\t\t\t\t\t\t\t\t\t\t\t\t<\/div>\n\t\t\t\t<\/div>\n\t\t\t\t\t<\/div>\n\t\t<\/div>\n\t\t\t\t<div class=\"elementor-column elementor-col-50 elementor-top-column elementor-element elementor-element-5dc31042\" data-id=\"5dc31042\" data-element_type=\"column\" data-e-type=\"column\">\n\t\t\t<div class=\"elementor-widget-wrap elementor-element-populated\">\n\t\t\t\t\t\t<div class=\"elementor-element elementor-element-2150e000 elementor-widget elementor-widget-text-editor\" data-id=\"2150e000\" data-element_type=\"widget\" data-e-type=\"widget\" data-widget_type=\"text-editor.default\">\n\t\t\t\t<div class=\"elementor-widget-container\">\n\t\t\t\t\t\t\t\t\t<p style=\"margin: 6.0pt 0cm 12.0pt 0cm;\"><span style=\"color: #000000;\"><strong><span style=\"font-family: 'Arial',sans-serif;\">\u00dcber City Transformer<\/span><\/strong><\/span><\/p><p style=\"line-height: 115%;\"><span style=\"font-family: Arial, sans-serif; color: #000000;\">City Transformer entwickelt die weltweit erste vollelektrische Mobilit\u00e4tsl\u00f6sung, das sich w\u00e4hrend der Fahrt auf intelligente Weise in Gr\u00f6\u00dfe und Eigenschaften anpassen kann. Dadurch wird es den komplexen Anspr\u00fcchen der Menschen gerecht, die die gr\u00f6\u00dften St\u00e4dte der Welt ihr Zuhause nennen.<\/span><\/p><p style=\"line-height: 115%;\"><span style=\"font-family: Arial, sans-serif; color: #000000; font-weight: var( --e-global-typography-text-font-weight ); letter-spacing: 0px;\">Der City Transformer wurde von Stadtbewohnern f\u00fcr Stadtbewohner entwickelt. Das Elektrofahrzeug parkt und \u00fcberlistet den Verkehr wie ein Motorrad und f\u00e4hrt gleichzeitig so sicher und bequem wie ein Auto. Der City Transformer wurde von Forbes zu einem der &#8222;Top 10 Cars of IAA Mobility 2021&#8220; und vom Time Magazine zu einer der &#8222;Best Inventions of 2020&#8220; gek\u00fcrt.<\/span><\/p><p style=\"margin: 6.0pt 0cm 12.0pt 0cm;\">\u00a0<\/p>\t\t\t\t\t\t\t\t<\/div>\n\t\t\t\t<\/div>\n\t\t\t\t<div class=\"elementor-element elementor-element-3afbf61 elementor-align-left elementor-widget elementor-widget-button\" data-id=\"3afbf61\" data-element_type=\"widget\" data-e-type=\"widget\" data-widget_type=\"button.default\">\n\t\t\t\t<div class=\"elementor-widget-container\">\n\t\t\t\t\t\t\t\t\t<div class=\"elementor-button-wrapper\">\n\t\t\t\t\t<a class=\"elementor-button elementor-button-link elementor-size-sm\" href=\"http:\/\/www.citytransformer.com\" target=\"_blank\" rel=\"nofollow\">\n\t\t\t\t\t\t<span class=\"elementor-button-content-wrapper\">\n\t\t\t\t\t\t\t\t\t<span class=\"elementor-button-text\">mehr erfahren ...<\/span>\n\t\t\t\t\t<\/span>\n\t\t\t\t\t<\/a>\n\t\t\t\t<\/div>\n\t\t\t\t\t\t\t\t<\/div>\n\t\t\t\t<\/div>\n\t\t\t\t\t<\/div>\n\t\t<\/div>\n\t\t\t\t\t<\/div>\n\t\t<\/section>\n\t\t\t\t<section class=\"elementor-section elementor-top-section elementor-element elementor-element-7ed8168d elementor-section-stretched elementor-section-boxed elementor-section-height-default elementor-section-height-default\" data-id=\"7ed8168d\" data-element_type=\"section\" data-e-type=\"section\" data-settings=\"{&quot;background_background&quot;:&quot;classic&quot;,&quot;stretch_section&quot;:&quot;section-stretched&quot;}\">\n\t\t\t\t\t\t\t<div class=\"elementor-background-overlay\"><\/div>\n\t\t\t\t\t\t\t<div class=\"elementor-container elementor-column-gap-default\">\n\t\t\t\t\t<div class=\"elementor-column elementor-col-100 elementor-top-column elementor-element elementor-element-6799f401\" data-id=\"6799f401\" data-element_type=\"column\" data-e-type=\"column\">\n\t\t\t<div class=\"elementor-widget-wrap elementor-element-populated\">\n\t\t\t\t\t\t<div class=\"elementor-element elementor-element-4573178b elementor-widget elementor-widget-text-editor\" data-id=\"4573178b\" data-element_type=\"widget\" data-e-type=\"widget\" data-widget_type=\"text-editor.default\">\n\t\t\t\t<div class=\"elementor-widget-container\">\n\t\t\t\t\t\t\t\t\t<p><span style=\"color: #000000;\"><strong>TEAMOBILITY und das Eco-System UCCON im neuen Film der Leichtbau Baden W\u00fcrttemberg zum Thema &#8222;Leichtbau im urbanen System&#8220;.<\/strong><\/span><\/p>\t\t\t\t\t\t\t\t<\/div>\n\t\t\t\t<\/div>\n\t\t\t\t\t<\/div>\n\t\t<\/div>\n\t\t\t\t\t<\/div>\n\t\t<\/section>\n\t\t\t\t<section class=\"elementor-section elementor-top-section elementor-element elementor-element-188caabd elementor-section-full_width elementor-section-stretched elementor-section-height-default elementor-section-height-default\" data-id=\"188caabd\" data-element_type=\"section\" data-e-type=\"section\" data-settings=\"{&quot;stretch_section&quot;:&quot;section-stretched&quot;}\">\n\t\t\t\t\t\t<div class=\"elementor-container elementor-column-gap-default\">\n\t\t\t\t\t<div class=\"elementor-column elementor-col-50 elementor-top-column elementor-element elementor-element-67e09ca7\" data-id=\"67e09ca7\" data-element_type=\"column\" data-e-type=\"column\">\n\t\t\t<div class=\"elementor-widget-wrap elementor-element-populated\">\n\t\t\t\t\t\t\t<\/div>\n\t\t<\/div>\n\t\t\t\t<div class=\"elementor-column elementor-col-50 elementor-top-column elementor-element elementor-element-4daf336f\" data-id=\"4daf336f\" data-element_type=\"column\" data-e-type=\"column\">\n\t\t\t<div class=\"elementor-widget-wrap elementor-element-populated\">\n\t\t\t\t\t\t<div class=\"elementor-element elementor-element-27331ccf elementor-widget elementor-widget-text-editor\" data-id=\"27331ccf\" data-element_type=\"widget\" data-e-type=\"widget\" data-widget_type=\"text-editor.default\">\n\t\t\t\t<div class=\"elementor-widget-container\">\n\t\t\t\t\t\t\t\t\t<p>Erfahren Sie wie durch integrierte Stadt- und Quartiersplanung die Bereiche Architektur, Mobilit\u00e4t und Logistik zuk\u00fcnftig immer weiter zusammenwachsen. Durch diese Verkn\u00fcpfung optimieren wir sektoren\u00fcbergreifend die Raumnutzung in der Stadt und sparen gleichzeitig wertvolle Ressourcen ein.<\/p><p>Wagen Sie schon heute einen Blick in die Zukunft und erleben Sie, welche Potentiale im Leichtbau f\u00fcr Sie als Unternehmen stecken, welche Leichtbau-Chancen auf Sie warten und begreifen Sie, dass sich umdenken lohnen wird.<\/p>\t\t\t\t\t\t\t\t<\/div>\n\t\t\t\t<\/div>\n\t\t\t\t\t<\/div>\n\t\t<\/div>\n\t\t\t\t\t<\/div>\n\t\t<\/section>\n\t\t\t\t<\/div>\n\t\t","protected":false},"excerpt":{"rendered":"<p>Weltpremiere auf der IAA Transportation 2022TEAMOBILITY zeigt zusammen mit Partnern erstmalig den TE.UMO Urban Mover http:\/\/www.teamobility.de\/wp-content\/uploads\/2022\/09\/2022_05_03_TEUMO_blau_Web.mp4 Verein Deutscher Industrie Designer (VDID)Prof. Tomforde als Teilnehmer einer Podiumsdiskussion am 03.02.2022 zum Thema &#8222;Mobility &#8211; gemeinsam L\u00f6sungen gestalten&#8220;. Am 3. Februar findet eine digitale Veranstaltung mit dem Themenschwerpunkt &#8222;Mobility \u2013 gemeinsam L\u00f6sungen gestalten&#8220; statt. Wie k\u00f6nnen Systeme im &hellip; <\/p>\n<p class=\"link-more\"><a href=\"https:\/\/www.teamobility.de\/startseite\/news-archiv\/\" class=\"more-link\"><span class=\"screen-reader-text\">\u201eNews Archiv\u201c <\/span>weiterlesen<\/a><\/p>\n","protected":false},"author":2,"featured_media":0,"parent":0,"menu_order":0,"comment_status":"closed","ping_status":"closed","template":"elementor_header_footer","meta":{"_exactmetrics_skip_tracking":false,"_exactmetrics_sitenote_active":false,"_exactmetrics_sitenote_note":"","_exactmetrics_sitenote_category":0,"footnotes":""},"class_list":["post-6847","page","type-page","status-publish","hentry"],"_links":{"self":[{"href":"https:\/\/www.teamobility.de\/startseite\/wp-json\/wp\/v2\/pages\/6847","targetHints":{"allow":["GET"]}}],"collection":[{"href":"https:\/\/www.teamobility.de\/startseite\/wp-json\/wp\/v2\/pages"}],"about":[{"href":"https:\/\/www.teamobility.de\/startseite\/wp-json\/wp\/v2\/types\/page"}],"author":[{"embeddable":true,"href":"https:\/\/www.teamobility.de\/startseite\/wp-json\/wp\/v2\/users\/2"}],"replies":[{"embeddable":true,"href":"https:\/\/www.teamobility.de\/startseite\/wp-json\/wp\/v2\/comments?post=6847"}],"version-history":[{"count":28,"href":"https:\/\/www.teamobility.de\/startseite\/wp-json\/wp\/v2\/pages\/6847\/revisions"}],"predecessor-version":[{"id":7903,"href":"https:\/\/www.teamobility.de\/startseite\/wp-json\/wp\/v2\/pages\/6847\/revisions\/7903"}],"wp:attachment":[{"href":"https:\/\/www.teamobility.de\/startseite\/wp-json\/wp\/v2\/media?parent=6847"}],"curies":[{"name":"wp","href":"https:\/\/api.w.org\/{rel}","templated":true}]}}